{"id":21167,"date":"2025-08-31T19:32:17","date_gmt":"2025-08-31T22:32:17","guid":{"rendered":"https:\/\/chicasentecnologia.org\/?page_id=21167"},"modified":"2025-10-31T09:10:36","modified_gmt":"2025-10-31T12:10:36","slug":"miriam_frias","status":"publish","type":"page","link":"https:\/\/chicasentecnologia.org\/es_ar\/miriam_frias\/","title":{"rendered":"Miriam Frias &#8211; Comisi\u00f3n Directiva"},"content":{"rendered":"\t\t<div data-elementor-type=\"wp-page\" data-elementor-id=\"21167\" class=\"elementor elementor-21167\" data-elementor-post-type=\"page\">\n\t\t\t\t<div class=\"elementor-element elementor-element-248d2df e-flex e-con-boxed e-con e-parent\" data-id=\"248d2df\" data-element_type=\"container\" data-settings=\"{&quot;background_background&quot;:&quot;classic&quot;}\">\n\t\t\t\t\t<div class=\"e-con-inner\">\n\t\t<div class=\"elementor-element elementor-element-ee4b42f e-con-full e-flex elementor-invisible e-con e-child\" data-id=\"ee4b42f\" data-element_type=\"container\" data-settings=\"{&quot;animation&quot;:&quot;fadeInUp&quot;}\">\n\t\t\t\t<div class=\"elementor-element elementor-element-2e0f493 elementor-widget elementor-widget-image\" data-id=\"2e0f493\" data-element_type=\"widget\" data-widget_type=\"image.default\">\n\t\t\t\t\t\t\t\t\t\t\t\t\t\t\t<img fetchpriority=\"high\" decoding=\"async\" width=\"1748\" height=\"1751\" src=\"https:\/\/chicasentecnologia.org\/wp-content\/uploads\/2025\/08\/CD_FotoMiriamFrias2.jpeg\" class=\"attachment-full size-full wp-image-21049\" alt=\"\" srcset=\"https:\/\/chicasentecnologia.org\/wp-content\/uploads\/2025\/08\/CD_FotoMiriamFrias2.jpeg 1748w, https:\/\/chicasentecnologia.org\/wp-content\/uploads\/2025\/08\/CD_FotoMiriamFrias2-300x300.jpeg 300w, https:\/\/chicasentecnologia.org\/wp-content\/uploads\/2025\/08\/CD_FotoMiriamFrias2-1022x1024.jpeg 1022w, https:\/\/chicasentecnologia.org\/wp-content\/uploads\/2025\/08\/CD_FotoMiriamFrias2-150x150.jpeg 150w, https:\/\/chicasentecnologia.org\/wp-content\/uploads\/2025\/08\/CD_FotoMiriamFrias2-768x769.jpeg 768w, https:\/\/chicasentecnologia.org\/wp-content\/uploads\/2025\/08\/CD_FotoMiriamFrias2-1533x1536.jpeg 1533w\" sizes=\"(max-width: 1748px) 100vw, 1748px\" \/>\t\t\t\t\t\t\t\t\t\t\t\t\t\t\t<\/div>\n\t\t\t\t<\/div>\n\t\t<div class=\"elementor-element elementor-element-c897dc0 e-con-full e-flex elementor-invisible e-con e-child\" data-id=\"c897dc0\" data-element_type=\"container\" data-settings=\"{&quot;background_background&quot;:&quot;classic&quot;,&quot;animation&quot;:&quot;fadeInUp&quot;}\">\n\t\t\t\t<div class=\"elementor-element elementor-element-dff4eaf elementor-widget elementor-widget-heading\" data-id=\"dff4eaf\" data-element_type=\"widget\" data-widget_type=\"heading.default\">\n\t\t\t\t\t<h2 class=\"elementor-heading-title elementor-size-default\">Miriam Frias<\/h2>\t\t\t\t<\/div>\n\t\t\t\t<div class=\"elementor-element elementor-element-44b35af elementor-widget elementor-widget-text-editor\" data-id=\"44b35af\" data-element_type=\"widget\" data-widget_type=\"text-editor.default\">\n\t\t\t\t\t\t\t\t\t<div class=\"three columns\"><div class=\"gdlr-item gdlr-speaker-item\"><div class=\"gdlr-ux gdlr-speaker-item-ux\"><div class=\"gdlr-speaker-item-content\"><div class=\"gdlr-speaker-item-position gdlr-info-font gdlr-skin-info\">Comisi\u00f3n Directiva<\/div><div>\u00a0<\/div><\/div><\/div><\/div><\/div>\t\t\t\t\t\t\t\t<\/div>\n\t\t\t\t<div class=\"elementor-element elementor-element-5d0937f elementor-widget elementor-widget-text-editor\" data-id=\"5d0937f\" data-element_type=\"widget\" data-widget_type=\"text-editor.default\">\n\t\t\t\t\t\t\t\t\t<p><span style=\"font-weight: 400;\">Especialista en cultura organizacional y tecnolog\u00eda con impacto social. Cuenta con m\u00e1s de diez a\u00f1os de experiencia en el ecosistema tecnol\u00f3gico, liderando procesos de transformaci\u00f3n cultural y estructural en empresas de desarrollo de la regi\u00f3n. Fue Directora de People &amp; Culture, donde co-dise\u00f1\u00f3 proyectos de investigaci\u00f3n y desarrollo de equipos de alto rendimiento, basados en competencias y potencial de las personas, y promovi\u00f3 iniciativas de inclusi\u00f3n laboral que permitieron a m\u00e1s de 100 j\u00f3venes superar la brecha de acceso y alcanzar su primer empleo en IT.<\/span><\/p><p><span style=\"font-weight: 400;\">Es cofundadora de <\/span><b>Shifta<\/b><span style=\"font-weight: 400;\">, empresa dedicada a la creaci\u00f3n de productos digitales con presencia en tres pa\u00edses de la regi\u00f3n, generando tambi\u00e9n proyectos tecnol\u00f3gicos con impacto social, como <\/span><i><span style=\"font-weight: 400;\">Salidas Inclusivas<\/span><\/i><span style=\"font-weight: 400;\"> y <\/span><i><span style=\"font-weight: 400;\">Com\u00e9 + Plantas<\/span><\/i><span style=\"font-weight: 400;\">. Miriam combina su experiencia en gesti\u00f3n de personas y cultura con un fuerte compromiso por la diversidad, la inclusi\u00f3n y la innovaci\u00f3n en tecnolog\u00eda.<\/span><\/p>\t\t\t\t\t\t\t\t<\/div>\n\t\t\t\t<div class=\"elementor-element elementor-element-7d3f531 e-grid-align-left elementor-shape-rounded elementor-grid-0 elementor-widget elementor-widget-social-icons\" data-id=\"7d3f531\" data-element_type=\"widget\" data-widget_type=\"social-icons.default\">\n\t\t\t\t\t\t\t<div class=\"elementor-social-icons-wrapper elementor-grid\">\n\t\t\t\t\t\t\t<span class=\"elementor-grid-item\">\n\t\t\t\t\t<a class=\"elementor-icon elementor-social-icon elementor-social-icon-linkedin elementor-repeater-item-386709f\" href=\"https:\/\/www.linkedin.com\/in\/miriamsfrias\/\" target=\"_blank\" rel=\"noopener\">\n\t\t\t\t\t\t<span class=\"elementor-screen-only\">Linkedin<\/span>\n\t\t\t\t\t\t<svg aria-hidden=\"true\" class=\"e-font-icon-svg e-fab-linkedin\" viewBox=\"0 0 448 512\" xmlns=\"http:\/\/www.w3.org\/2000\/svg\"><path d=\"M416 32H31.9C14.3 32 0 46.5 0 64.3v383.4C0 465.5 14.3 480 31.9 480H416c17.6 0 32-14.5 32-32.3V64.3c0-17.8-14.4-32.3-32-32.3zM135.4 416H69V202.2h66.5V416zm-33.2-243c-21.3 0-38.5-17.3-38.5-38.5S80.9 96 102.2 96c21.2 0 38.5 17.3 38.5 38.5 0 21.3-17.2 38.5-38.5 38.5zm282.1 243h-66.4V312c0-24.8-.5-56.7-34.5-56.7-34.6 0-39.9 27-39.9 54.9V416h-66.4V202.2h63.7v29.2h.9c8.9-16.8 30.6-34.5 62.9-34.5 67.2 0 79.7 44.3 79.7 101.9V416z\"><\/path><\/svg>\t\t\t\t\t<\/a>\n\t\t\t\t<\/span>\n\t\t\t\t\t<\/div>\n\t\t\t\t\t\t<\/div>\n\t\t\t\t<\/div>\n\t\t\t\t\t<\/div>\n\t\t\t\t<\/div>\n\t\t<div class=\"elementor-element elementor-element-46132411 e-flex e-con-boxed e-con e-parent\" data-id=\"46132411\" data-element_type=\"container\" data-settings=\"{&quot;background_background&quot;:&quot;classic&quot;}\">\n\t\t\t\t\t<div class=\"e-con-inner\">\n\t\t\t\t<div class=\"elementor-element elementor-element-7dc94539 elementor-widget elementor-widget-heading\" data-id=\"7dc94539\" data-element_type=\"widget\" data-widget_type=\"heading.default\">\n\t\t\t\t\t<h2 class=\"elementor-heading-title elementor-size-default\">\u00bfQuer\u00e9s enterarte de todo?<\/h2>\t\t\t\t<\/div>\n\t\t\t\t<div class=\"elementor-element elementor-element-3664e163 elementor-widget elementor-widget-text-editor\" data-id=\"3664e163\" data-element_type=\"widget\" data-widget_type=\"text-editor.default\">\n\t\t\t\t\t\t\t\t\t<p>Dejanos tu <span style=\"color: #ffc800;\"><strong>mail<\/strong><\/span><\/p>\t\t\t\t\t\t\t\t<\/div>\n\t\t\t\t\t<\/div>\n\t\t\t\t<\/div>\n\t\t\t\t<\/div>\n\t\t","protected":false},"excerpt":{"rendered":"<p>Miriam Frias Comisi\u00f3n Directiva\u00a0 Especialista en cultura organizacional y tecnolog\u00eda con impacto social. Cuenta con m\u00e1s de diez a\u00f1os de experiencia en el ecosistema tecnol\u00f3gico, liderando procesos de transformaci\u00f3n cultural y estructural en empresas de desarrollo de la regi\u00f3n. Fue Directora de People &amp; Culture, donde co-dise\u00f1\u00f3 proyectos de investigaci\u00f3n y desarrollo de equipos de [&hellip;]<\/p>\n","protected":false},"author":2,"featured_media":0,"parent":0,"menu_order":0,"comment_status":"closed","ping_status":"closed","template":"elementor_header_footer","meta":{"footnotes":""},"class_list":["post-21167","page","type-page","status-publish","hentry"],"rttpg_featured_image_url":null,"rttpg_author":{"display_name":"lucho","author_link":"https:\/\/chicasentecnologia.org\/es_ar\/author\/lucho\/"},"rttpg_comment":0,"rttpg_category":null,"rttpg_excerpt":"Miriam Frias Comisi\u00f3n Directiva\u00a0 Especialista en cultura organizacional y tecnolog\u00eda con impacto social. Cuenta con m\u00e1s de diez a\u00f1os de experiencia en el ecosistema tecnol\u00f3gico, liderando procesos de transformaci\u00f3n cultural y estructural en empresas de desarrollo de la regi\u00f3n. Fue Directora de People &amp; Culture, donde co-dise\u00f1\u00f3 proyectos de investigaci\u00f3n y desarrollo de equipos de&hellip;","_links":{"self":[{"href":"https:\/\/chicasentecnologia.org\/es_ar\/wp-json\/wp\/v2\/pages\/21167","targetHints":{"allow":["GET"]}}],"collection":[{"href":"https:\/\/chicasentecnologia.org\/es_ar\/wp-json\/wp\/v2\/pages"}],"about":[{"href":"https:\/\/chicasentecnologia.org\/es_ar\/wp-json\/wp\/v2\/types\/page"}],"author":[{"embeddable":true,"href":"https:\/\/chicasentecnologia.org\/es_ar\/wp-json\/wp\/v2\/users\/2"}],"replies":[{"embeddable":true,"href":"https:\/\/chicasentecnologia.org\/es_ar\/wp-json\/wp\/v2\/comments?post=21167"}],"version-history":[{"count":7,"href":"https:\/\/chicasentecnologia.org\/es_ar\/wp-json\/wp\/v2\/pages\/21167\/revisions"}],"predecessor-version":[{"id":22854,"href":"https:\/\/chicasentecnologia.org\/es_ar\/wp-json\/wp\/v2\/pages\/21167\/revisions\/22854"}],"wp:attachment":[{"href":"https:\/\/chicasentecnologia.org\/es_ar\/wp-json\/wp\/v2\/media?parent=21167"}],"curies":[{"name":"wp","href":"https:\/\/api.w.org\/{rel}","templated":true}]}}